{"id":3998,"date":"2022-12-22T09:46:44","date_gmt":"2022-12-22T09:46:44","guid":{"rendered":"https:\/\/lisanplast.com\/subvention\/"},"modified":"2026-03-15T19:52:40","modified_gmt":"2026-03-15T19:52:40","slug":"subvention","status":"publish","type":"page","link":"https:\/\/lisanplast.com\/fr\/subvention\/","title":{"rendered":"Subvention"},"content":{"rendered":"\t\t<div data-elementor-type=\"wp-page\" data-elementor-id=\"3998\" class=\"elementor elementor-3998 elementor-775\" data-elementor-post-type=\"page\">\n\t\t\t\t<div class=\"elementor-element elementor-element-40bb16b e-flex e-con-boxed e-con e-parent\" data-id=\"40bb16b\" data-element_type=\"container\">\n\t\t\t\t\t<div class=\"e-con-inner\">\n\t\t\t\t<div class=\"elementor-element elementor-element-cfa55ab elementor-widget elementor-widget-text-editor\" data-id=\"cfa55ab\" data-element_type=\"widget\" data-widget_type=\"text-editor.default\">\n\t\t\t\t\t\t\t\t\t<p><strong>LISANPLAST, S.L.<\/strong> a \u00e9t\u00e9 b\u00e9n\u00e9ficiaire du Fonds europ\u00e9en de d\u00e9veloppement r\u00e9gional dont l&rsquo;objectif est d&rsquo;am\u00e9liorer l&rsquo;utilisation et la qualit\u00e9 des technologies de l&rsquo;information et de la communication, ainsi que l&rsquo;acc\u00e8s \u00e0 celles-ci. Ainsi, elle a d\u00e9velopp\u00e9 du mat\u00e9riel promotionnel audiovisuel pour Internet, une solution technologique d&rsquo;entreprise permettant d&rsquo;am\u00e9liorer l&rsquo;acc\u00e8s aux contenus et aux produits de l&rsquo;entreprise. Gr\u00e2ce \u00e0 cette subvention, la comp\u00e9titivit\u00e9 et la productivit\u00e9 de l&rsquo;entreprise et de ses travailleurs se sont am\u00e9lior\u00e9es. facilitant le contr\u00f4le de ses services et produits en 2022. Pour ce faire, <strong>LISANPLAST, S.L.<\/strong> a b\u00e9n\u00e9fici\u00e9 du soutien du Programme Chambres TIC de la Chambre de Commerce de la Communaut\u00e9 Autonome de la R\u00e9gion de Murcie.     <\/p>\n\t\t\t\t\t\t\t\t<\/div>\n\t\t\t\t<div class=\"elementor-element elementor-element-136decb elementor-widget elementor-widget-image\" data-id=\"136decb\" data-element_type=\"widget\" data-widget_type=\"image.default\">\n\t\t\t\t\t\t\t\t\t\t\t\t\t\t\t<img fetchpriority=\"high\" decoding=\"async\" width=\"800\" height=\"75\" src=\"https:\/\/lisanplast.com\/wp-content\/uploads\/EVIDENCIAS-LOGOS-CAMARAS-FEDER-TICCamaras-1.jpg\" class=\"attachment-full size-full wp-image-3605\" alt=\"\" srcset=\"https:\/\/lisanplast.com\/wp-content\/uploads\/EVIDENCIAS-LOGOS-CAMARAS-FEDER-TICCamaras-1.jpg 800w, https:\/\/lisanplast.com\/wp-content\/uploads\/EVIDENCIAS-LOGOS-CAMARAS-FEDER-TICCamaras-1-300x28.jpg 300w, https:\/\/lisanplast.com\/wp-content\/uploads\/EVIDENCIAS-LOGOS-CAMARAS-FEDER-TICCamaras-1-150x14.jpg 150w, https:\/\/lisanplast.com\/wp-content\/uploads\/EVIDENCIAS-LOGOS-CAMARAS-FEDER-TICCamaras-1-768x72.jpg 768w\" sizes=\"(max-width: 800px) 100vw, 800px\" \/>\t\t\t\t\t\t\t\t\t\t\t\t\t\t\t<\/div>\n\t\t\t\t\t<\/div>\n\t\t\t\t<\/div>\n\t\t\t\t<\/div>\n\t\t","protected":false},"excerpt":{"rendered":"<p>LISANPLAST, S.L. a \u00e9t\u00e9 b\u00e9n\u00e9ficiaire du Fonds europ\u00e9en de d\u00e9veloppement r\u00e9gional dont l&rsquo;objectif est d&rsquo;am\u00e9liorer l&rsquo;utilisation et la qualit\u00e9 des technologies de l&rsquo;information et de la communication, ainsi que l&rsquo;acc\u00e8s \u00e0 celles-ci. Ainsi, elle a d\u00e9velopp\u00e9 du mat\u00e9riel promotionnel audiovisuel pour Internet, une solution technologique d&rsquo;entreprise permettant d&rsquo;am\u00e9liorer l&rsquo;acc\u00e8s aux contenus et aux produits de&hellip;<\/p>\n","protected":false},"author":3,"featured_media":0,"parent":0,"menu_order":0,"comment_status":"closed","ping_status":"closed","template":"","meta":{"_seopress_robots_primary_cat":"","_seopress_titles_title":"Subventions et aides europ\u00e9ennes | Lisanplast","_seopress_titles_desc":"Informations sur les subventions et aides europ\u00e9ennes re\u00e7ues par Lisanplast pour soutenir l\u2019innovation et le d\u00e9veloppement industriel.","_seopress_robots_index":"","footnotes":""},"class_list":["post-3998","page","type-page","status-publish","hentry"],"_links":{"self":[{"href":"https:\/\/lisanplast.com\/fr\/wp-json\/wp\/v2\/pages\/3998","targetHints":{"allow":["GET"]}}],"collection":[{"href":"https:\/\/lisanplast.com\/fr\/wp-json\/wp\/v2\/pages"}],"about":[{"href":"https:\/\/lisanplast.com\/fr\/wp-json\/wp\/v2\/types\/page"}],"author":[{"embeddable":true,"href":"https:\/\/lisanplast.com\/fr\/wp-json\/wp\/v2\/users\/3"}],"replies":[{"embeddable":true,"href":"https:\/\/lisanplast.com\/fr\/wp-json\/wp\/v2\/comments?post=3998"}],"version-history":[{"count":2,"href":"https:\/\/lisanplast.com\/fr\/wp-json\/wp\/v2\/pages\/3998\/revisions"}],"predecessor-version":[{"id":6964,"href":"https:\/\/lisanplast.com\/fr\/wp-json\/wp\/v2\/pages\/3998\/revisions\/6964"}],"wp:attachment":[{"href":"https:\/\/lisanplast.com\/fr\/wp-json\/wp\/v2\/media?parent=3998"}],"curies":[{"name":"wp","href":"https:\/\/api.w.org\/{rel}","templated":true}]}}